{"id":78,"date":"2016-11-11T21:53:09","date_gmt":"2016-11-11T20:53:09","guid":{"rendered":"http:\/\/ensembleavecdaniel.fr\/?page_id=78"},"modified":"2018-05-13T21:41:08","modified_gmt":"2018-05-13T19:41:08","slug":"projet-mondial-de-joelette-2017","status":"publish","type":"page","link":"http:\/\/ensembleavecdaniel.fr\/index.php\/projet-mondial-de-joelette-2017\/","title":{"rendered":"Mondial de jo\u00eblettes 2017"},"content":{"rendered":"<h5 style=\"text-align: center;\"><a style=\"text-align: center;\" href=\"http:\/\/www.championnatdumondejoeletterotary.com\/\" target=\"_blank\" rel=\"noopener noreferrer\"><img decoding=\"async\" loading=\"lazy\" class=\" wp-image-80 aligncenter\" src=\"http:\/\/ensembleavecdaniel.fr\/wp-content\/uploads\/2016\/11\/bandeau-300x68.jpg\" alt=\"bandeau\" width=\"412\" height=\"93\" srcset=\"http:\/\/ensembleavecdaniel.fr\/wp-content\/uploads\/2016\/11\/bandeau-300x68.jpg 300w, http:\/\/ensembleavecdaniel.fr\/wp-content\/uploads\/2016\/11\/bandeau-768x174.jpg 768w, http:\/\/ensembleavecdaniel.fr\/wp-content\/uploads\/2016\/11\/bandeau.jpg 1000w\" sizes=\"(max-width: 412px) 100vw, 412px\" \/><\/a><strong> CHAMPIONNAT DU MONDE DE JO\u00cbLETTES <\/strong><\/h5>\n<p style=\"text-align: center;\"><strong>11<sup>e<\/sup> \u00c9dition le samedi\u00a0 27 MAI 2017<\/strong><\/p>\n<p style=\"text-align: center;\"><strong>\u00e0 Saint-Trojan-les-Bains &#8211; \u00cele d&rsquo;Ol\u00e9ron<\/strong><\/p>\n<h2 style=\"text-align: center;\"><strong><span style=\"color: #0000ff;\"><span style=\"color: #ff6600;\"><a style=\"color: #ff6600;\" href=\"https:\/\/www.kisskissbankbank.com\/ensemble-avec-daniel\" target=\"_blank\" rel=\"noopener noreferrer\">Daniel a particip\u00e9 \u00e0 cette \u00e9preuve<\/a><\/span><br \/>\n<\/span><\/strong><\/h2>\n<p style=\"text-align: center;\"><span style=\"color: #0000ff;\"><a style=\"color: #0000ff;\" href=\"https:\/\/goo.gl\/photos\/sw9wgnHsv9JKMrYo6\" target=\"_blank\" rel=\"noopener noreferrer\"><strong>Cliquez ici pour la vid\u00e9o immerg\u00e9 dans course pour le dernier km.<\/strong><\/a><\/span><\/p>\n<p style=\"text-align: center;\"><span style=\"color: #0000ff;\"><a style=\"color: #0000ff;\" href=\"https:\/\/goo.gl\/photos\/RSyCKPUeaxqAgDPp6\" target=\"_blank\" rel=\"noopener noreferrer\"><strong>Cliquez ici pour le film de la course (22min d&rsquo;\u00e9motions) <\/strong><\/a><\/span><\/p>\n<p style=\"text-align: center;\"><span style=\"color: #0000ff;\"><a style=\"color: #0000ff;\" href=\"http:\/\/www.championnatdumondejoeletterotary.com\/joelettes_general_2017.pdf\" target=\"_blank\" rel=\"noopener noreferrer\"><strong>Cliquez ici pour visualiser le classement g\u00e9n\u00e9ral.<\/strong><\/a><\/span><\/p>\n<p style=\"text-align: center;\"><a href=\"https:\/\/goo.gl\/photos\/ZWqCZPhNuTyMk5p98\" target=\"_blank\" rel=\"noopener noreferrer\"><strong><span style=\"color: #0000ff;\">Cliquez ici pour voir l&rsquo;album photo de ce week-end formidable<\/span><\/strong><\/a><\/p>\n<h3 style=\"text-align: center;\"><a href=\"https:\/\/goo.gl\/photos\/ZWqCZPhNuTyMk5p98\" target=\"_blank\" rel=\"noopener noreferrer\"><span style=\"color: #800080;\"><strong>Cliquez ici pour voir toutes les photos et vid\u00e9os de l&rsquo;\u00e9v\u00e8nement<\/strong><\/span><\/a><\/h3>\n<h3 style=\"text-align: center;\"><span style=\"color: #ff0000;\"><a style=\"color: #ff0000;\" href=\"https:\/\/goo.gl\/photos\/ETKBvC8KoyPwPRUc8\" target=\"_blank\" rel=\"noopener noreferrer\"><strong>Cliquez<\/strong><\/a> ici pour le film de cette belle journ\u00e9e<\/span><\/h3>\n<hr \/>\n<p style=\"text-align: center;\"><a href=\"http:\/\/www.championnatdumondejoeletterotary.com\/affiches2017.pdf\"><img decoding=\"async\" loading=\"lazy\" class=\"size-medium wp-image-86 aligncenter\" src=\"http:\/\/ensembleavecdaniel.fr\/wp-content\/uploads\/2016\/11\/affiche2017-212x300.jpg\" alt=\"affiche2017\" width=\"212\" height=\"300\" srcset=\"http:\/\/ensembleavecdaniel.fr\/wp-content\/uploads\/2016\/11\/affiche2017-212x300.jpg 212w, http:\/\/ensembleavecdaniel.fr\/wp-content\/uploads\/2016\/11\/affiche2017.jpg 600w\" sizes=\"(max-width: 212px) 100vw, 212px\" \/><\/a>Cliquer sur la photo pour t\u00e9l\u00e9charger l&rsquo;affiche au format PDF<\/p>\n<h6 style=\"text-align: center;\"><a href=\"http:\/\/ensembleavecdaniel.fr\/wp-content\/uploads\/2016\/11\/Banderole-version-finale.pdf\" target=\"_blank\" rel=\"noopener noreferrer\"><img decoding=\"async\" loading=\"lazy\" class=\"alignnone wp-image-208\" src=\"http:\/\/ensembleavecdaniel.fr\/wp-content\/uploads\/2016\/11\/Banderole-version-finale-1024-300x100.png\" alt=\"\" width=\"600\" height=\"200\" srcset=\"http:\/\/ensembleavecdaniel.fr\/wp-content\/uploads\/2016\/11\/Banderole-version-finale-1024-300x100.png 300w, http:\/\/ensembleavecdaniel.fr\/wp-content\/uploads\/2016\/11\/Banderole-version-finale-1024-768x256.png 768w, http:\/\/ensembleavecdaniel.fr\/wp-content\/uploads\/2016\/11\/Banderole-version-finale-1024.png 1024w\" sizes=\"(max-width: 600px) 100vw, 600px\" \/><\/a><\/h6>\n<div class=\"qqvbed-p83tee\">\n<div class=\"qqvbed-p83tee-lTBxed\">Description du parcours:<\/div>\n<\/div>\n<div class=\"qqvbed-p83tee\">\n<div class=\"qqvbed-p83tee-lTBxed\">Distance\u00a0: 12,1\u00a0km<br \/>\nD\u00e9nivel\u00e9 positif cumul\u00e9\u00a0: 84\u00a0m<br \/>\nD\u00e9nivel\u00e9 n\u00e9gatif cumul\u00e9\u00a0: 82\u00a0m<\/div>\n<\/div>\n<div class=\"qqvbed-p83tee-lTBxed\"><\/div>\n<div class=\"qqvbed-p83tee-lTBxed\">Le trac\u00e9: parcours semi-bitume et chemins. Une partie en bord de mer et l&rsquo;autre en for\u00eat.<\/div>\n<div class=\"qqvbed-p83tee-lTBxed\">Cliquez sur la photo du trac\u00e9 pour voir la vid\u00e9o de celui-ci.<\/div>\n<div class=\"qqvbed-p83tee-lTBxed\"><a href=\"http:\/\/www.championnatdumondejoeletterotary.com\/videos\/parcours-joelettes-2017.mp4\" target=\"_blank\" rel=\"noopener noreferrer\"><img decoding=\"async\" loading=\"lazy\" class=\"alignnone wp-image-163\" src=\"http:\/\/ensembleavecdaniel.fr\/wp-content\/uploads\/2016\/11\/carte-St-Trojan-avec-trac\u00e9-218x300.jpg\" alt=\"\" width=\"320\" height=\"440\" srcset=\"http:\/\/ensembleavecdaniel.fr\/wp-content\/uploads\/2016\/11\/carte-St-Trojan-avec-trac\u00e9-218x300.jpg 218w, http:\/\/ensembleavecdaniel.fr\/wp-content\/uploads\/2016\/11\/carte-St-Trojan-avec-trac\u00e9-768x1055.jpg 768w, http:\/\/ensembleavecdaniel.fr\/wp-content\/uploads\/2016\/11\/carte-St-Trojan-avec-trac\u00e9-745x1024.jpg 745w, http:\/\/ensembleavecdaniel.fr\/wp-content\/uploads\/2016\/11\/carte-St-Trojan-avec-trac\u00e9.jpg 800w\" sizes=\"(max-width: 320px) 100vw, 320px\" \/><\/a><\/div>\n<div class=\"qqvbed-p83tee-lTBxed\"><\/div>\n<div class=\"qqvbed-p83tee-lTBxed\">Le coureurs:<\/div>\n<div class=\"qqvbed-p83tee-lTBxed\">Le r\u00e8glement n&rsquo;autorise pas plus de 4 coureurs. Ils ont \u00e9t\u00e9 s\u00e9lectionn\u00e9s par Jean-Luc (pr\u00e9sident) dans l&rsquo;espoir de viser une bonne place au classement et pourquoi pas un podium, qui sait&#8230;<\/div>\n<div class=\"qqvbed-p83tee-lTBxed\">\n<p style=\"margin: 0cm 0cm 0.0001pt;\"><strong>Les coureurs b\u00e9n\u00e9voles pour ce projet du \u00ab\u00a0Championnat du monde de Jo\u00eblettes\u00a0\u00bb sont :<\/strong><\/p>\n<p style=\"margin: 0cm 0cm 0.0001pt;\"><strong>Guillaume Nazon, David Vandenbroucke, St\u00e9phane Gandelet et Herv\u00e9 Fatigon<\/strong><\/p>\n<p style=\"margin: 0cm 0cm 0.0001pt;\"><strong>Chacun d&rsquo;entre eux ayant un palmar\u00e8s sportif de tr\u00e8s bon niveau, cela nous donne l&rsquo;espoir de faire figurer Daniel \u00e0 une tr\u00e8s bonne place sur cette \u00e9preuve.<br \/>\n<\/strong><\/p>\n<p>&nbsp;<\/p>\n<p><strong>Photo de l&rsquo;\u00e9quipe :<\/strong><\/p>\n<p><strong><img decoding=\"async\" loading=\"lazy\" class=\"\" src=\"https:\/\/d3v4jsc54141g1.cloudfront.net\/uploads\/project_image\/image\/390691\/Team_Joelette_pour_le_championnat-1486314339.JPG\" alt=\"Team_joelette_pour_le_championnat-1486314339\" width=\"350\" height=\"392\" \/> <\/strong><\/p>\n<\/div>\n<h6 class=\"qqvbed-p83tee-lTBxed\">\u00a0De gauche \u00e0 droite: Guillaume, Herv\u00e9, Daniel, St\u00e9phane, David et Jean-Luc (coach).<\/h6>\n<div class=\"qqvbed-p83tee-lTBxed\">\n<p style=\"text-align: center;\"><strong><a href=\"https:\/\/goo.gl\/photos\/bmfuPvexhZVUhLTs8\" target=\"_blank\" rel=\"noopener noreferrer\"><span style=\"color: #0000ff;\">Entrainement du dimanche 05\/03\/2017 &#8211; cliquez pour voir la vid\u00e9o<\/span><\/a><br \/>\n<\/strong><\/p>\n<p><strong><span style=\"color: #0000ff;\"><a style=\"color: #0000ff;\" href=\"https:\/\/goo.gl\/photos\/zh8SqYNJZEkTnq218\" target=\"_blank\" rel=\"noopener noreferrer\">Jeudi 11 mai 2017: Dernier entrainement du jeudi 11\/05\/2017\u00a0 avec les\u00a0 tenues officielles.<\/a><\/span><\/strong><\/p>\n<p><a href=\"https:\/\/goo.gl\/photos\/zh8SqYNJZEkTnq218\" target=\"_blank\" rel=\"noopener noreferrer\"><img decoding=\"async\" loading=\"lazy\" class=\"aligncenter wp-image-222 size-medium\" src=\"http:\/\/ensembleavecdaniel.fr\/wp-content\/uploads\/2016\/11\/dernier-entrainement-800x600-300x225.jpg\" alt=\"\" width=\"300\" height=\"225\" srcset=\"http:\/\/ensembleavecdaniel.fr\/wp-content\/uploads\/2016\/11\/dernier-entrainement-800x600-300x225.jpg 300w, http:\/\/ensembleavecdaniel.fr\/wp-content\/uploads\/2016\/11\/dernier-entrainement-800x600-768x576.jpg 768w, http:\/\/ensembleavecdaniel.fr\/wp-content\/uploads\/2016\/11\/dernier-entrainement-800x600.jpg 800w\" sizes=\"(max-width: 300px) 100vw, 300px\" \/><\/a><\/p>\n<\/div>\n","protected":false},"excerpt":{"rendered":"<p>CHAMPIONNAT DU MONDE DE JO\u00cbLETTES 11e \u00c9dition le samedi\u00a0 27 MAI 2017 \u00e0 Saint-Trojan-les-Bains &#8211; \u00cele d&rsquo;Ol\u00e9ron Daniel a particip\u00e9 \u00e0 cette \u00e9preuve Cliquez ici pour la vid\u00e9o immerg\u00e9 dans course pour le dernier km. Cliquez ici pour le film de la course (22min d&rsquo;\u00e9motions) Cliquez ici pour visualiser le classement g\u00e9n\u00e9ral. Cliquez ici pour &hellip; <a href=\"http:\/\/ensembleavecdaniel.fr\/index.php\/projet-mondial-de-joelette-2017\/\" class=\"more-link\">Continuer la lecture de <span class=\"screen-reader-text\">Mondial de jo\u00eblettes 2017<\/span> <span class=\"meta-nav\">&rarr;<\/span><\/a><\/p>\n","protected":false},"author":1,"featured_media":0,"parent":0,"menu_order":4,"comment_status":"closed","ping_status":"closed","template":"","meta":[],"_links":{"self":[{"href":"http:\/\/ensembleavecdaniel.fr\/index.php\/wp-json\/wp\/v2\/pages\/78"}],"collection":[{"href":"http:\/\/ensembleavecdaniel.fr\/index.php\/wp-json\/wp\/v2\/pages"}],"about":[{"href":"http:\/\/ensembleavecdaniel.fr\/index.php\/wp-json\/wp\/v2\/types\/page"}],"author":[{"embeddable":true,"href":"http:\/\/ensembleavecdaniel.fr\/index.php\/wp-json\/wp\/v2\/users\/1"}],"replies":[{"embeddable":true,"href":"http:\/\/ensembleavecdaniel.fr\/index.php\/wp-json\/wp\/v2\/comments?post=78"}],"version-history":[{"count":52,"href":"http:\/\/ensembleavecdaniel.fr\/index.php\/wp-json\/wp\/v2\/pages\/78\/revisions"}],"predecessor-version":[{"id":293,"href":"http:\/\/ensembleavecdaniel.fr\/index.php\/wp-json\/wp\/v2\/pages\/78\/revisions\/293"}],"wp:attachment":[{"href":"http:\/\/ensembleavecdaniel.fr\/index.php\/wp-json\/wp\/v2\/media?parent=78"}],"curies":[{"name":"wp","href":"https:\/\/api.w.org\/{rel}","templated":true}]}}