{"id":46,"date":"2016-11-06T18:36:36","date_gmt":"2016-11-06T17:36:36","guid":{"rendered":"http:\/\/ensembleavecdaniel.fr\/?page_id=46"},"modified":"2018-10-27T19:22:40","modified_gmt":"2018-10-27T17:22:40","slug":"les-activites","status":"publish","type":"page","link":"http:\/\/ensembleavecdaniel.fr\/index.php\/les-activites\/","title":{"rendered":"Actualit\u00e9s"},"content":{"rendered":"<p style=\"text-align: center;\"><span style=\"color: #0000ff;\"><strong>Dimanche 14 Octobre 2018:<\/strong><\/span>\u00a0 Virade de Piecaous \u00e0 St Saturnin<a href=\"https:\/\/photos.app.goo.gl\/8iP3PXCSBknNnc3K9\" target=\"_blank\" rel=\"noopener\"><img decoding=\"async\" loading=\"lazy\" class=\"aligncenter wp-image-375\" src=\"http:\/\/ensembleavecdaniel.fr\/wp-content\/uploads\/2018\/10\/IMG_9478-e1540651563696-300x256.jpg\" alt=\"\" width=\"413\" height=\"353\" srcset=\"http:\/\/ensembleavecdaniel.fr\/wp-content\/uploads\/2018\/10\/IMG_9478-e1540651563696-300x256.jpg 300w, http:\/\/ensembleavecdaniel.fr\/wp-content\/uploads\/2018\/10\/IMG_9478-e1540651563696-768x655.jpg 768w, http:\/\/ensembleavecdaniel.fr\/wp-content\/uploads\/2018\/10\/IMG_9478-e1540651563696-1024x873.jpg 1024w, http:\/\/ensembleavecdaniel.fr\/wp-content\/uploads\/2018\/10\/IMG_9478-e1540651563696.jpg 1991w\" sizes=\"(max-width: 413px) 100vw, 413px\" \/><span style=\"color: #000000;\">Merci aux 8 coureurs qui ont permis \u00e0 Daniel de d\u00e9couvrir le nouveau trac\u00e9 de la course de St Saturnin les Avignon : St\u00e9phane, Yohan, Fr\u00e9d\u00e9ric B, Olivier, S\u00e9bastien, Guillaume, Christophe et Fr\u00e9d\u00e9ric G.(nouvelle recrue du team Joelette).<\/span> <\/a><\/p>\r\n<p style=\"text-align: center;\"><a href=\"https:\/\/photos.app.goo.gl\/8iP3PXCSBknNnc3K9\" target=\"_blank\" rel=\"noopener\">Cliquez ici pour voir les photos<\/a><\/p>\r\n<p style=\"text-align: center;\"><a href=\"https:\/\/photos.app.goo.gl\/miQNn1AmR8esdjEJ7\" target=\"_blank\" rel=\"noopener\">Cliquez ici pour voir la vid\u00e9o de l&rsquo;arriv\u00e9e<\/a><\/p>\r\n<p>&nbsp;<\/p>\r\n<p><span style=\"color: #0000ff;\"><strong>Samedi 6 et dimanche 7 Octobre 2018:<\/strong><\/span>\u00a0 Relais pour la vie \u00e0 Sorgues<\/p>\r\n<p style=\"text-align: center;\"><a href=\"https:\/\/photos.app.goo.gl\/6hXMGhVmh6EWhhJc6\" target=\"_blank\" rel=\"noopener\"><img decoding=\"async\" loading=\"lazy\" class=\"alignnone  wp-image-415\" src=\"http:\/\/ensembleavecdaniel.fr\/wp-content\/uploads\/2018\/10\/IMG_9327-300x225.jpg\" alt=\"\" width=\"539\" height=\"405\" srcset=\"http:\/\/ensembleavecdaniel.fr\/wp-content\/uploads\/2018\/10\/IMG_9327-300x225.jpg 300w, http:\/\/ensembleavecdaniel.fr\/wp-content\/uploads\/2018\/10\/IMG_9327-768x576.jpg 768w, http:\/\/ensembleavecdaniel.fr\/wp-content\/uploads\/2018\/10\/IMG_9327-1024x768.jpg 1024w\" sizes=\"(max-width: 539px) 100vw, 539px\" \/><\/a><\/p>\r\n<p><span id=\"fbPhotoSnowliftCaption\" class=\"fbPhotosPhotoCaption\" tabindex=\"0\" aria-live=\"polite\" data-ft=\"{&quot;tn&quot;:&quot;K&quot;}\"><span class=\"hasCaption\">Organis\u00e9 en \u00e9troite relation par la Ville de Sorgues et le comit\u00e9 de Vaucluse de la Ligue contre le Cancer les 6 et 7 octobre, le premier <a href=\"https:\/\/www.facebook.com\/lesrelaispourlavie\/?__xts__%5B0%5D=68.ARCXoETVUSNLLb4HRNv9vGTiQxULcWFQRHPIZuDFzaYfEfrCqQqnVstz6JY-2LaV0XQxJ0SnpB0Ghy2Ns4gIX0pvWFkTOwjl3J7j6Fv8Fbogr9JilWCnB02s6c3TkrhNqOCdBSVfwZGvQ0B4sqQ8JP4s_MsQ0E1XNPV-7Riu8-icnM6xiiYEw38JECsRSC6xrMj35SwWGgMM5K1g_rDgkKva6r_JMg&amp;__tn__=%2CdK%2AF-R&amp;eid=ARDVCLxS3abH8tFx4aBx1Zm841fazTJwY97HXiMqst-BvsNj1E47D0KK3ob8k1GznZffSlo_4-uLGUfj\" data-hovercard=\"\/ajax\/hovercard\/page.php?id=185321134845785&amp;extragetparams=%7B%22__tn__%22%3A%22%2CdK%2AF-R%22%2C%22eid%22%3A%22ARDVCLxS3abH8tFx4aBx1Zm841fazTJwY97HXiMqst-BvsNj1E47D0KK3ob8k1GznZffSlo_4-uLGUfj%22%2C%22directed_target_id%22%3Anull%2C%22groups_location%22%3Anull%7D\" data-hovercard-prefer-more-content-show=\"1\">Relais pour la vie France<\/a> de Vaucluse a permis de collecter 51 331 \u20ac.<span class=\"text_exposed_show\"><br \/><\/span><\/span><\/span><\/p>\r\n<p style=\"text-align: center;\">Manifestation durant laquelle de nombreuses \u00e9quipes se sont relay\u00e9 pour courir pendant 24h.<\/p>\r\n<p>Le team Joelette se devait d&rsquo;\u00eatre pr\u00e9sent pour encourager St\u00e9phane Gandelet\u00a0 qui a parcouru \u00e0 lui seul 224 tours de 500m soit <span style=\"color: #0000ff;\"><strong>112 km !<\/strong><\/span><\/p>\r\n<p style=\"text-align: center;\"><a href=\"https:\/\/photos.app.goo.gl\/6hXMGhVmh6EWhhJc6\" target=\"_blank\" rel=\"noopener\">Cliquez ici pour les photos de cette manifestation<\/a><\/p>\r\n<p>&nbsp;<\/p>\r\n<p><span style=\"color: #0000ff;\"><strong>Dimanche 30 septembre 2018:<\/strong> <\/span>Caf\u00e9 gourmand chez Marie avec famille et amis proches<\/p>\r\n<p style=\"text-align: center;\"><img decoding=\"async\" loading=\"lazy\" class=\"alignnone  wp-image-410\" src=\"http:\/\/ensembleavecdaniel.fr\/wp-content\/uploads\/2018\/10\/IMG_9251-300x225.jpg\" alt=\"\" width=\"483\" height=\"362\" srcset=\"http:\/\/ensembleavecdaniel.fr\/wp-content\/uploads\/2018\/10\/IMG_9251-300x225.jpg 300w, http:\/\/ensembleavecdaniel.fr\/wp-content\/uploads\/2018\/10\/IMG_9251-768x576.jpg 768w, http:\/\/ensembleavecdaniel.fr\/wp-content\/uploads\/2018\/10\/IMG_9251-1024x768.jpg 1024w\" sizes=\"(max-width: 483px) 100vw, 483px\" \/> <img decoding=\"async\" loading=\"lazy\" class=\"alignnone  wp-image-411\" src=\"http:\/\/ensembleavecdaniel.fr\/wp-content\/uploads\/2018\/10\/IMG_9253-300x225.jpg\" alt=\"\" width=\"484\" height=\"363\" srcset=\"http:\/\/ensembleavecdaniel.fr\/wp-content\/uploads\/2018\/10\/IMG_9253-300x225.jpg 300w, http:\/\/ensembleavecdaniel.fr\/wp-content\/uploads\/2018\/10\/IMG_9253-768x576.jpg 768w, http:\/\/ensembleavecdaniel.fr\/wp-content\/uploads\/2018\/10\/IMG_9253-1024x768.jpg 1024w\" sizes=\"(max-width: 484px) 100vw, 484px\" \/><\/p>\r\n<p>&nbsp;<\/p>\r\n<p><span style=\"color: #0000ff;\"><strong>Vendredi 28 septembre 2018:<\/strong> <\/span>Ap\u00e9ritif de d\u00e9part \u00e0 la retraite de Daniel au restaurant scolaire les jardins<\/p>\r\n<p style=\"text-align: center;\"><img decoding=\"async\" loading=\"lazy\" class=\"alignnone  wp-image-404\" src=\"http:\/\/ensembleavecdaniel.fr\/wp-content\/uploads\/2018\/10\/IMG_9233-300x176.jpg\" alt=\"\" width=\"385\" height=\"226\" srcset=\"http:\/\/ensembleavecdaniel.fr\/wp-content\/uploads\/2018\/10\/IMG_9233-300x176.jpg 300w, http:\/\/ensembleavecdaniel.fr\/wp-content\/uploads\/2018\/10\/IMG_9233-768x450.jpg 768w, http:\/\/ensembleavecdaniel.fr\/wp-content\/uploads\/2018\/10\/IMG_9233-1024x600.jpg 1024w\" sizes=\"(max-width: 385px) 100vw, 385px\" \/><\/p>\r\n<p style=\"text-align: center;\"><img decoding=\"async\" loading=\"lazy\" class=\"alignnone  wp-image-402\" src=\"http:\/\/ensembleavecdaniel.fr\/wp-content\/uploads\/2018\/10\/IMG_9243-300x257.jpg\" alt=\"\" width=\"381\" height=\"326\" srcset=\"http:\/\/ensembleavecdaniel.fr\/wp-content\/uploads\/2018\/10\/IMG_9243-300x257.jpg 300w, http:\/\/ensembleavecdaniel.fr\/wp-content\/uploads\/2018\/10\/IMG_9243-768x657.jpg 768w, http:\/\/ensembleavecdaniel.fr\/wp-content\/uploads\/2018\/10\/IMG_9243-1024x876.jpg 1024w\" sizes=\"(max-width: 381px) 100vw, 381px\" \/><\/p>\r\n<p>&nbsp;<\/p>\r\n<p><strong><span style=\"color: #0000ff;\">Samedi 8 septembre 2018<\/span>:<\/strong> Journ\u00e9e des associations\u00a0 \u00e0 VEDENE<\/p>\r\n<p><img decoding=\"async\" loading=\"lazy\" class=\"alignnone  wp-image-386\" src=\"http:\/\/ensembleavecdaniel.fr\/wp-content\/uploads\/2018\/10\/IMG_9079-300x225.jpg\" alt=\"\" width=\"485\" height=\"364\" srcset=\"http:\/\/ensembleavecdaniel.fr\/wp-content\/uploads\/2018\/10\/IMG_9079-300x225.jpg 300w, http:\/\/ensembleavecdaniel.fr\/wp-content\/uploads\/2018\/10\/IMG_9079-768x576.jpg 768w, http:\/\/ensembleavecdaniel.fr\/wp-content\/uploads\/2018\/10\/IMG_9079-1024x768.jpg 1024w\" sizes=\"(max-width: 485px) 100vw, 485px\" \/><img decoding=\"async\" loading=\"lazy\" class=\"alignnone  wp-image-393\" src=\"http:\/\/ensembleavecdaniel.fr\/wp-content\/uploads\/2018\/10\/IMG_9082-300x225.jpg\" alt=\"\" width=\"478\" height=\"359\" srcset=\"http:\/\/ensembleavecdaniel.fr\/wp-content\/uploads\/2018\/10\/IMG_9082-300x225.jpg 300w, http:\/\/ensembleavecdaniel.fr\/wp-content\/uploads\/2018\/10\/IMG_9082-768x576.jpg 768w, http:\/\/ensembleavecdaniel.fr\/wp-content\/uploads\/2018\/10\/IMG_9082-1024x768.jpg 1024w\" sizes=\"(max-width: 478px) 100vw, 478px\" \/><img decoding=\"async\" loading=\"lazy\" class=\"alignnone  wp-image-394\" src=\"http:\/\/ensembleavecdaniel.fr\/wp-content\/uploads\/2018\/10\/IMG_9093-300x225.jpg\" alt=\"\" width=\"487\" height=\"365\" srcset=\"http:\/\/ensembleavecdaniel.fr\/wp-content\/uploads\/2018\/10\/IMG_9093-300x225.jpg 300w, http:\/\/ensembleavecdaniel.fr\/wp-content\/uploads\/2018\/10\/IMG_9093-768x576.jpg 768w, http:\/\/ensembleavecdaniel.fr\/wp-content\/uploads\/2018\/10\/IMG_9093-1024x768.jpg 1024w\" sizes=\"(max-width: 487px) 100vw, 487px\" \/><\/p>\r\n<p>&nbsp;<\/p>\r\n<p><span style=\"color: #0000ff;\"><strong>Dimanche 29 juillet 2018:<\/strong><\/span> Semi-marathon du Ventoux<\/p>\r\n<figure style=\"width: 481px\" class=\"wp-caption aligncenter\"><a href=\"https:\/\/photos.app.goo.gl\/369tG6f3BhzNT8vL7\" target=\"_blank\" rel=\"noopener\"><img decoding=\"async\" loading=\"lazy\" class=\"details-image\" draggable=\"false\" src=\"http:\/\/ensembleavecdaniel.fr\/wp-content\/uploads\/2018\/09\/DSCN8456-1024x893.jpg\" alt=\"\" width=\"481\" height=\"419\" \/><\/a><figcaption class=\"wp-caption-text\">Le team Joelette au sommet du Ventoux<\/figcaption><\/figure>\r\n<p style=\"text-align: center;\"><a href=\"https:\/\/photos.app.goo.gl\/369tG6f3BhzNT8vL7\" target=\"_blank\" rel=\"noopener\">Cliquez ici pour voir toutes les photos et vid\u00e9os de J-Luc<\/a><\/p>\r\n<p style=\"text-align: center;\"><a href=\"https:\/\/photos.app.goo.gl\/Ji5SdgfMc19Fz2KVA\" target=\"_blank\" rel=\"noopener\">Cliquez ici pour voir toutes les photos de Richard<\/a><\/p>\r\n<p style=\"text-align: center;\"><a href=\"http:\/\/ensembleavecdaniel.fr\/index.php\/semi-marathon-du-ventoux-2018\/\" target=\"_blank\" rel=\"noopener\">Cliquez ici pour toutes les informations sur cette manifestation<\/a><\/p>\r\n<p>&nbsp;<\/p>\r\n<p><span style=\"color: #0000ff;\"><strong>Samedi 7 juillet 2018:<\/strong> <\/span>Arriv\u00e9e de la coque pour Daniel<\/p>\r\n<p style=\"text-align: center;\"><a href=\"https:\/\/photos.app.goo.gl\/dVhtjifgUcxu4Mvs5\" target=\"_blank\" rel=\"noopener\"><img decoding=\"async\" loading=\"lazy\" class=\"alignnone  wp-image-398\" src=\"http:\/\/ensembleavecdaniel.fr\/wp-content\/uploads\/2018\/10\/IMG_8070-e1540655772451-225x300.jpg\" alt=\"\" width=\"194\" height=\"259\" srcset=\"http:\/\/ensembleavecdaniel.fr\/wp-content\/uploads\/2018\/10\/IMG_8070-e1540655772451-225x300.jpg 225w, http:\/\/ensembleavecdaniel.fr\/wp-content\/uploads\/2018\/10\/IMG_8070-e1540655772451-768x1024.jpg 768w\" sizes=\"(max-width: 194px) 100vw, 194px\" \/><\/a><\/p>\r\n<p style=\"text-align: center;\"><a href=\"https:\/\/photos.app.goo.gl\/dVhtjifgUcxu4Mvs5\" target=\"_blank\" rel=\"noopener\">Cliquez ici pour voir les photos<\/a><\/p>\r\n<p>&nbsp;<\/p>\r\n<p><span style=\"color: #0000ff;\"><strong>Vendredi 6 juillet 2018:<\/strong> <\/span>Course nocturne de VEDENE<\/p>\r\n<p style=\"text-align: center;\"><img decoding=\"async\" loading=\"lazy\" class=\"alignnone wp-image-311\" src=\"http:\/\/ensembleavecdaniel.fr\/wp-content\/uploads\/2018\/07\/2018-07-06-Team-Joelettte-pour-la-nocture-de-VEDENE-300x225.jpg\" alt=\"\" width=\"477\" height=\"358\" srcset=\"http:\/\/ensembleavecdaniel.fr\/wp-content\/uploads\/2018\/07\/2018-07-06-Team-Joelettte-pour-la-nocture-de-VEDENE-300x225.jpg 300w, http:\/\/ensembleavecdaniel.fr\/wp-content\/uploads\/2018\/07\/2018-07-06-Team-Joelettte-pour-la-nocture-de-VEDENE-768x576.jpg 768w, http:\/\/ensembleavecdaniel.fr\/wp-content\/uploads\/2018\/07\/2018-07-06-Team-Joelettte-pour-la-nocture-de-VEDENE-1024x768.jpg 1024w, http:\/\/ensembleavecdaniel.fr\/wp-content\/uploads\/2018\/07\/2018-07-06-Team-Joelettte-pour-la-nocture-de-VEDENE.jpg 2016w\" sizes=\"(max-width: 477px) 100vw, 477px\" \/><\/p>\r\n<p>Remerciements \u00e0 Christine, Michel, Guillaume, Christophe, Pierre-Olivier, Yohan, S\u00e9bastien, Olivier, Florian et 2 autres coureurs pour leur participation b\u00e9n\u00e9vole \u00e0 cette manifestation.<\/p>\r\n<p>&nbsp;<\/p>\r\n<p><span style=\"color: #0000ff;\"><strong>Jeudi 17 et vendredi 18\/05\/2018: <\/strong><\/span>Village sports et handicap Avignon &#8211; manifestation organis\u00e9e sur l&rsquo;ile de la Barthelasse:<\/p>\r\n<p style=\"text-align: center;\"><img decoding=\"async\" loading=\"lazy\" class=\"alignnone wp-image-286 size-medium\" src=\"http:\/\/ensembleavecdaniel.fr\/wp-content\/uploads\/2018\/05\/2018-05-17-affiche-manifestation-sports-et-handicaps-209x300.jpg\" alt=\"\" width=\"209\" height=\"300\" srcset=\"http:\/\/ensembleavecdaniel.fr\/wp-content\/uploads\/2018\/05\/2018-05-17-affiche-manifestation-sports-et-handicaps-209x300.jpg 209w, http:\/\/ensembleavecdaniel.fr\/wp-content\/uploads\/2018\/05\/2018-05-17-affiche-manifestation-sports-et-handicaps.jpg 413w\" sizes=\"(max-width: 209px) 100vw, 209px\" \/><\/p>\r\n<p style=\"text-align: center;\">Porter un nouveau regard sur l\u2019 handicap, sensibiliser, pratiquer !<br \/>Le village Sport et Handicap est ouvert \u00e0 tous le jeudi de 13h30 \u00e0 16h30 et le vendredi de 8h45 \u00e0 12h et de 13h30 \u00e0 16h30.<br \/>L\u2019entr\u00e9e \u00e0 toutes les animations est libre : familles, scolaires, \u00e9tudiants, valides, personnes porteuses de handicaps, groupes de centres sp\u00e9cialis\u00e9s ainsi que les associations\u2026<br \/>Le village : D\u00e9monstrations sportives &#8211; Stands associatifs &#8211; Plusieurs parcours ludiques sur le th\u00e8me du handicap -\u00c9changes<\/p>\r\n<p>L&rsquo;association Ensemble avec Daniel sera pr\u00e9sente pour la seconde fois sur cette manifestation pour pr\u00e9senter la Joelette aux visiteurs (en majorit\u00e9 des jeunes \u00e9coliers).<\/p>\r\n<p>&nbsp;<\/p>\r\n<p><strong><span style=\"color: #0000ff;\">Dimanche 10 d\u00e9cembre 2017<\/span>:<\/strong> Promenade de 5.5kms avec les amis \u00e0 l&rsquo;occasion de la course &lsquo;Tour des collines&rsquo; \u00e0 Ved\u00e8ne :<\/p>\r\n<p style=\"text-align: center;\"><img decoding=\"async\" loading=\"lazy\" class=\"alignnone size-medium wp-image-285\" src=\"http:\/\/ensembleavecdaniel.fr\/wp-content\/uploads\/2018\/05\/IMG_5956-300x225.jpg\" alt=\"\" width=\"300\" height=\"225\" srcset=\"http:\/\/ensembleavecdaniel.fr\/wp-content\/uploads\/2018\/05\/IMG_5956-300x225.jpg 300w, http:\/\/ensembleavecdaniel.fr\/wp-content\/uploads\/2018\/05\/IMG_5956-768x577.jpg 768w, http:\/\/ensembleavecdaniel.fr\/wp-content\/uploads\/2018\/05\/IMG_5956-1024x770.jpg 1024w\" sizes=\"(max-width: 300px) 100vw, 300px\" \/><\/p>\r\n<p>&nbsp;<\/p>\r\n<p><strong><span style=\"color: #0000ff;\">Dimanche 15 octobre 2017:<\/span> <\/strong>Course de 10,5kms avec le team joelette : la virade de Piecaous \u00e0 Saint Saturnin les Avignon:<\/p>\r\n<p style=\"text-align: center;\"><a href=\"https:\/\/photos.app.goo.gl\/WP2X9UhxYuUgA0Fv1\" target=\"_blank\" rel=\"noopener\"><img decoding=\"async\" loading=\"lazy\" class=\"size-medium wp-image-270 aligncenter\" src=\"http:\/\/ensembleavecdaniel.fr\/wp-content\/uploads\/2017\/11\/IMG_5347-300x230.jpg\" alt=\"\" width=\"300\" height=\"230\" srcset=\"http:\/\/ensembleavecdaniel.fr\/wp-content\/uploads\/2017\/11\/IMG_5347-300x230.jpg 300w, http:\/\/ensembleavecdaniel.fr\/wp-content\/uploads\/2017\/11\/IMG_5347-768x589.jpg 768w, http:\/\/ensembleavecdaniel.fr\/wp-content\/uploads\/2017\/11\/IMG_5347.jpg 1024w\" sizes=\"(max-width: 300px) 100vw, 300px\" \/>Cliquez ici pour voir toutes les photos<\/a><a href=\"https:\/\/photos.app.goo.gl\/WP2X9UhxYuUgA0Fv1\" target=\"_blank\" rel=\"noopener\"><img decoding=\"async\" loading=\"lazy\" class=\"size-medium wp-image-273 aligncenter\" src=\"http:\/\/ensembleavecdaniel.fr\/wp-content\/uploads\/2017\/11\/IMG_5364-300x166.jpg\" alt=\"\" width=\"300\" height=\"166\" srcset=\"http:\/\/ensembleavecdaniel.fr\/wp-content\/uploads\/2017\/11\/IMG_5364-300x166.jpg 300w, http:\/\/ensembleavecdaniel.fr\/wp-content\/uploads\/2017\/11\/IMG_5364-768x424.jpg 768w, http:\/\/ensembleavecdaniel.fr\/wp-content\/uploads\/2017\/11\/IMG_5364.jpg 1024w, http:\/\/ensembleavecdaniel.fr\/wp-content\/uploads\/2017\/11\/IMG_5364-672x372.jpg 672w\" sizes=\"(max-width: 300px) 100vw, 300px\" \/><\/a>Un groupe de tr\u00e8s bon niveau pour cette nouvelle \u00e9dition de la virade de Piecaous. Yohan et ses amis coureurs de Mori\u00e8res, St\u00e9phane, Christophe et Yannick ont explos\u00e9 le record avec Daniel. 51min45&Prime; &gt; R\u00e9sultats ici : <a href=\"http:\/\/www.nikrome.com\/pdf\/stsat17.pdf\" target=\"_blank\" rel=\"noopener\">http:\/\/www.nikrome.com\/pdf\/stsat17.pdf<\/a><\/p>\r\n<p>&nbsp;<\/p>\r\n<p><strong><span style=\"color: #0000ff;\">Samedi 9 septembre 2017:<\/span> <\/strong>Journ\u00e9e des associations de Ved\u00e8ne<\/p>\r\n<p><img decoding=\"async\" loading=\"lazy\" class=\"size-medium wp-image-260 aligncenter\" src=\"http:\/\/ensembleavecdaniel.fr\/wp-content\/uploads\/2016\/11\/2017-09-09-Troph\u00e9e-handisport-Daniel-1-e1506374707275-300x273.jpg\" alt=\"\" width=\"300\" height=\"273\" srcset=\"http:\/\/ensembleavecdaniel.fr\/wp-content\/uploads\/2016\/11\/2017-09-09-Troph\u00e9e-handisport-Daniel-1-e1506374707275-300x273.jpg 300w, http:\/\/ensembleavecdaniel.fr\/wp-content\/uploads\/2016\/11\/2017-09-09-Troph\u00e9e-handisport-Daniel-1-e1506374707275-768x699.jpg 768w, http:\/\/ensembleavecdaniel.fr\/wp-content\/uploads\/2016\/11\/2017-09-09-Troph\u00e9e-handisport-Daniel-1-e1506374707275-1024x932.jpg 1024w, http:\/\/ensembleavecdaniel.fr\/wp-content\/uploads\/2016\/11\/2017-09-09-Troph\u00e9e-handisport-Daniel-1-e1506374707275.jpg 1138w\" sizes=\"(max-width: 300px) 100vw, 300px\" \/>Un tr\u00e8s joli troph\u00e9e handisport remis par Mr le maire de Ved\u00e8ne<\/p>\r\n<p><img decoding=\"async\" loading=\"lazy\" class=\"size-medium wp-image-259 aligncenter\" src=\"http:\/\/ensembleavecdaniel.fr\/wp-content\/uploads\/2016\/11\/2017-09-09-Troph\u00e9e-handisport-Daniel-2-e1506374554859-225x300.jpg\" alt=\"\" width=\"225\" height=\"300\" srcset=\"http:\/\/ensembleavecdaniel.fr\/wp-content\/uploads\/2016\/11\/2017-09-09-Troph\u00e9e-handisport-Daniel-2-e1506374554859-225x300.jpg 225w, http:\/\/ensembleavecdaniel.fr\/wp-content\/uploads\/2016\/11\/2017-09-09-Troph\u00e9e-handisport-Daniel-2-e1506374554859-768x1024.jpg 768w, http:\/\/ensembleavecdaniel.fr\/wp-content\/uploads\/2016\/11\/2017-09-09-Troph\u00e9e-handisport-Daniel-2-e1506374554859.jpg 1224w\" sizes=\"(max-width: 225px) 100vw, 225px\" \/><\/p>\r\n<p>&nbsp;<\/p>\r\n<p><strong><span style=\"color: #0000ff;\">Vendredi 7 juillet 2017:<\/span><\/strong> Duo Nocturne de Ved\u00e8ne &#8211; 7\u00e8me \u00e9dition<\/p>\r\n<p><span style=\"color: #0000ff;\"><img decoding=\"async\" loading=\"lazy\" class=\" wp-image-256 aligncenter\" src=\"http:\/\/ensembleavecdaniel.fr\/wp-content\/uploads\/2016\/11\/IMG_4131-300x187.jpg\" alt=\"\" width=\"411\" height=\"256\" srcset=\"http:\/\/ensembleavecdaniel.fr\/wp-content\/uploads\/2016\/11\/IMG_4131-300x187.jpg 300w, http:\/\/ensembleavecdaniel.fr\/wp-content\/uploads\/2016\/11\/IMG_4131-768x480.jpg 768w, http:\/\/ensembleavecdaniel.fr\/wp-content\/uploads\/2016\/11\/IMG_4131-1024x640.jpg 1024w\" sizes=\"(max-width: 411px) 100vw, 411px\" \/><\/span><\/p>\r\n<p style=\"text-align: center;\"><img decoding=\"async\" loading=\"lazy\" class=\"alignnone wp-image-265\" src=\"http:\/\/ensembleavecdaniel.fr\/wp-content\/uploads\/2016\/11\/IMG_4149-300x254.jpg\" alt=\"\" width=\"406\" height=\"344\" srcset=\"http:\/\/ensembleavecdaniel.fr\/wp-content\/uploads\/2016\/11\/IMG_4149-300x254.jpg 300w, http:\/\/ensembleavecdaniel.fr\/wp-content\/uploads\/2016\/11\/IMG_4149-768x651.jpg 768w, http:\/\/ensembleavecdaniel.fr\/wp-content\/uploads\/2016\/11\/IMG_4149-1024x868.jpg 1024w\" sizes=\"(max-width: 406px) 100vw, 406px\" \/><\/p>\r\n<p style=\"text-align: center;\">Yohan et ses amis coureurs de Mori\u00e8res ont r\u00e9pondu pr\u00e9sent pour cette nouvelle \u00e9dition du duo nocturne de Ved\u00e8ne qui a \u00e9t\u00e9 une fois encore un succ\u00e8s de participation. Un super temps r\u00e9alis\u00e9 par le team Joelette.<\/p>\r\n<p><span style=\"color: #0000ff;\"><strong>Et\u00e9 2017:<\/strong><\/span> Voyage au Nicaragua avec l\u2019association \u00ab\u00a0la tortue baroudeuse\u00a0\u00bb<\/p>\r\n<p style=\"text-align: center;\"><img decoding=\"async\" loading=\"lazy\" class=\"alignnone wp-image-309\" src=\"http:\/\/ensembleavecdaniel.fr\/wp-content\/uploads\/2018\/07\/2017-Voyage-au-Nicaragua-300x169.jpg\" alt=\"\" width=\"505\" height=\"284\" srcset=\"http:\/\/ensembleavecdaniel.fr\/wp-content\/uploads\/2018\/07\/2017-Voyage-au-Nicaragua-300x169.jpg 300w, http:\/\/ensembleavecdaniel.fr\/wp-content\/uploads\/2018\/07\/2017-Voyage-au-Nicaragua-768x432.jpg 768w, http:\/\/ensembleavecdaniel.fr\/wp-content\/uploads\/2018\/07\/2017-Voyage-au-Nicaragua-1024x576.jpg 1024w, http:\/\/ensembleavecdaniel.fr\/wp-content\/uploads\/2018\/07\/2017-Voyage-au-Nicaragua.jpg 1280w\" sizes=\"(max-width: 505px) 100vw, 505px\" \/><\/p>\r\n<p>&nbsp;<\/p>\r\n<p><strong><span style=\"color: #0000ff;\">Samedi 27 mai 2017:<\/span> <\/strong>Championnat du Monde de joelettes<\/p>\r\n<h6 style=\"text-align: center;\"><img decoding=\"async\" loading=\"lazy\" class=\"alignnone size-medium wp-image-235\" src=\"http:\/\/ensembleavecdaniel.fr\/wp-content\/uploads\/2016\/11\/IMG_3435-600x800-full-225x300.jpg\" alt=\"\" width=\"225\" height=\"300\" srcset=\"http:\/\/ensembleavecdaniel.fr\/wp-content\/uploads\/2016\/11\/IMG_3435-600x800-full-225x300.jpg 225w, http:\/\/ensembleavecdaniel.fr\/wp-content\/uploads\/2016\/11\/IMG_3435-600x800-full.jpg 600w\" sizes=\"(max-width: 225px) 100vw, 225px\" \/><\/h6>\r\n<p style=\"text-align: center;\">Des \u00e9toiles pleins les yeux<\/p>\r\n<p style=\"text-align: center;\">Le team jo\u00eblette de Daniel a pris le d\u00e9part du championnat du Monde de jo\u00eblettes ce samedi 27 mai \u00e0 15h07 sur la 13\u00e8me ligne avec le dossard 26. Le parcours de 12km a \u00e9t\u00e9 boucl\u00e9 en 1h11&Prime;50 gr\u00e2ce aux efforts sans concession des 4 valeureux coureurs. Bravo Herv\u00e9, St\u00e9phane, David et Guillaume. Vous avez \u00e9t\u00e9 formidables.<\/p>\r\n<p style=\"text-align: center;\"><a href=\"https:\/\/goo.gl\/photos\/sw9wgnHsv9JKMrYo6\" target=\"_blank\" rel=\"noopener noreferrer\"><span style=\"color: #ff6600;\"><strong>Cliquez ici pour la vid\u00e9o immerg\u00e9 dans course pour le dernier km.<\/strong><\/span><\/a><\/p>\r\n<p style=\"text-align: center;\"><a href=\"https:\/\/goo.gl\/photos\/RSyCKPUeaxqAgDPp6\" target=\"_blank\" rel=\"noopener noreferrer\"><span style=\"color: #ff6600;\"><strong>Cliquez ici pour le film de la course (22min d&rsquo;\u00e9motions) <\/strong><\/span><\/a><\/p>\r\n<p style=\"text-align: center;\"><a href=\"http:\/\/www.championnatdumondejoeletterotary.com\/joelettes_general_2017.pdf\" target=\"_blank\" rel=\"noopener noreferrer\"><strong><span style=\"color: #3366ff;\">Cliquez ici pour visualiser le classement g\u00e9n\u00e9ral.<\/span><\/strong><\/a><\/p>\r\n<p style=\"text-align: center;\"><strong><a href=\"http:\/\/ensembleavecdaniel.fr\/wp-content\/uploads\/2016\/11\/Banderole-version-finale.pdf\" target=\"_blank\" rel=\"noopener noreferrer\"><img decoding=\"async\" loading=\"lazy\" class=\"alignnone wp-image-208\" src=\"http:\/\/ensembleavecdaniel.fr\/wp-content\/uploads\/2016\/11\/Banderole-version-finale-1024-300x100.png\" alt=\"\" width=\"390\" height=\"130\" srcset=\"http:\/\/ensembleavecdaniel.fr\/wp-content\/uploads\/2016\/11\/Banderole-version-finale-1024-300x100.png 300w, http:\/\/ensembleavecdaniel.fr\/wp-content\/uploads\/2016\/11\/Banderole-version-finale-1024-768x256.png 768w, http:\/\/ensembleavecdaniel.fr\/wp-content\/uploads\/2016\/11\/Banderole-version-finale-1024.png 1024w\" sizes=\"(max-width: 390px) 100vw, 390px\" \/><\/a><\/strong><\/p>\r\n<p><span style=\"color: #0000ff;\"><a style=\"color: #0000ff;\" href=\"https:\/\/goo.gl\/photos\/zh8SqYNJZEkTnq218\" target=\"_blank\" rel=\"noopener noreferrer\">Jeudi 11 mai 2017: <span style=\"color: #000000;\">Dernier entra\u00eenement pr\u00e9paratoire du team jo\u00eblette avec Daniel. Avec les tenues officielles SVP.<\/span><\/a><\/span><\/p>\r\n<p style=\"text-align: center;\"><a href=\"https:\/\/goo.gl\/photos\/zh8SqYNJZEkTnq218\" target=\"_blank\" rel=\"noopener noreferrer\"><img decoding=\"async\" loading=\"lazy\" class=\"size-medium wp-image-222 aligncenter\" src=\"http:\/\/ensembleavecdaniel.fr\/wp-content\/uploads\/2016\/11\/dernier-entrainement-800x600-300x225.jpg\" alt=\"\" width=\"300\" height=\"225\" srcset=\"http:\/\/ensembleavecdaniel.fr\/wp-content\/uploads\/2016\/11\/dernier-entrainement-800x600-300x225.jpg 300w, http:\/\/ensembleavecdaniel.fr\/wp-content\/uploads\/2016\/11\/dernier-entrainement-800x600-768x576.jpg 768w, http:\/\/ensembleavecdaniel.fr\/wp-content\/uploads\/2016\/11\/dernier-entrainement-800x600.jpg 800w\" sizes=\"(max-width: 300px) 100vw, 300px\" \/><\/a>Cliquer sur la photo pour ouvrir l&rsquo;album.<\/p>\r\n<p style=\"text-align: left;\"><span style=\"color: #0000ff;\"><a style=\"color: #0000ff;\" href=\"https:\/\/goo.gl\/photos\/rrAQWjTy1xrhfCtF9\" target=\"_blank\" rel=\"noopener noreferrer\">Mardi 9 mai 2017: <span style=\"color: #000000;\">Remise des tenues sportives \u00e0 l&rsquo;espace lavoir de VEDENE<\/span><\/a><\/span><\/p>\r\n<p style=\"text-align: center;\"><a href=\"https:\/\/goo.gl\/photos\/rrAQWjTy1xrhfCtF9\" target=\"_blank\" rel=\"noopener noreferrer\"><img decoding=\"async\" loading=\"lazy\" class=\"size-medium wp-image-220 aligncenter\" src=\"http:\/\/ensembleavecdaniel.fr\/wp-content\/uploads\/2016\/11\/remise-des-tenues-800x600-300x225.jpg\" alt=\"\" width=\"300\" height=\"225\" srcset=\"http:\/\/ensembleavecdaniel.fr\/wp-content\/uploads\/2016\/11\/remise-des-tenues-800x600-300x225.jpg 300w, http:\/\/ensembleavecdaniel.fr\/wp-content\/uploads\/2016\/11\/remise-des-tenues-800x600-768x576.jpg 768w, http:\/\/ensembleavecdaniel.fr\/wp-content\/uploads\/2016\/11\/remise-des-tenues-800x600.jpg 800w\" sizes=\"(max-width: 300px) 100vw, 300px\" \/><\/a>Cliquer sur la photo pour ouvrir l&rsquo;album de cette manifestation.<\/p>\r\n<p><span style=\"color: #0000ff;\">Le 26 Mars 2017 :<\/span>\u00a0 Second entrainement pr\u00e9paratoire au Championnat du Monde: Il a \u00e9t\u00e9 \u00e9court\u00e9 de moiti\u00e9 suite \u00e0 une implosion de la chambre \u00e0 air de la joelette.<\/p>\r\n<p><span style=\"color: #0000ff;\">Le 5 Mars 2017 :<\/span>\u00a0 Premier entrainement pr\u00e9paratoire au Championnat du Monde:<\/p>\r\n<p style=\"text-align: center;\"><a href=\"https:\/\/goo.gl\/photos\/bmfuPvexhZVUhLTs8\" target=\"_blank\" rel=\"noopener noreferrer\"><img decoding=\"async\" loading=\"lazy\" class=\"size-medium wp-image-197 aligncenter\" src=\"http:\/\/ensembleavecdaniel.fr\/wp-content\/uploads\/2016\/11\/IMG_2118-292x300.jpg\" alt=\"\" width=\"292\" height=\"300\" srcset=\"http:\/\/ensembleavecdaniel.fr\/wp-content\/uploads\/2016\/11\/IMG_2118-292x300.jpg 292w, http:\/\/ensembleavecdaniel.fr\/wp-content\/uploads\/2016\/11\/IMG_2118-768x789.jpg 768w, http:\/\/ensembleavecdaniel.fr\/wp-content\/uploads\/2016\/11\/IMG_2118-997x1024.jpg 997w, http:\/\/ensembleavecdaniel.fr\/wp-content\/uploads\/2016\/11\/IMG_2118.jpg 1786w\" sizes=\"(max-width: 292px) 100vw, 292px\" \/><\/a><strong><a href=\"https:\/\/goo.gl\/photos\/bmfuPvexhZVUhLTs8\" target=\"_blank\" rel=\"noopener noreferrer\"><span style=\"color: #0000ff;\">cliquez pour voir la vid\u00e9o<\/span><\/a><\/strong><\/p>\r\n<p><span style=\"color: #0000ff;\">Le 11 D\u00e9cembre 2016 :<\/span>\u00a0 course avec le team joelette: &lsquo;corrida de No\u00ebl\u00a0\u00bb \u00e0 Ved\u00e8ne.<\/p>\r\n<p><a href=\"https:\/\/goo.gl\/photos\/2YywqgR7mXbsALTd7\" target=\"_blank\" rel=\"noopener noreferrer\"><img decoding=\"async\" loading=\"lazy\" class=\"alignnone wp-image-129 size-medium\" src=\"http:\/\/ensembleavecdaniel.fr\/wp-content\/uploads\/2016\/11\/IMG_1317-e1481466289606-231x300.jpg\" width=\"231\" height=\"300\" srcset=\"http:\/\/ensembleavecdaniel.fr\/wp-content\/uploads\/2016\/11\/IMG_1317-e1481466289606-231x300.jpg 231w, http:\/\/ensembleavecdaniel.fr\/wp-content\/uploads\/2016\/11\/IMG_1317-e1481466289606.jpg 428w\" sizes=\"(max-width: 231px) 100vw, 231px\" \/><\/a><\/p>\r\n<p>Cliquer sur la photo pour ouvrir l&rsquo;album photo de cette journ\u00e9e.<\/p>\r\n<p><span style=\"color: #0000ff;\">Le 16 Octobre 2016 :<\/span>\u00a0 course avec le team joelette : la virade de Piecaous \u00e0 Saint Saturnin les Avignon.<\/p>\r\n<p><a href=\"https:\/\/goo.gl\/photos\/5hptUFUBuTwG8kix6\" target=\"_blank\" rel=\"noopener noreferrer\"><img decoding=\"async\" loading=\"lazy\" class=\"alignnone size-medium wp-image-62\" src=\"http:\/\/ensembleavecdaniel.fr\/wp-content\/uploads\/2016\/11\/2016-10-16-Virade-0765-300x228.jpg\" alt=\"2016-10-16-virade-0765\" width=\"300\" height=\"228\" \/><\/a><\/p>\r\n<p>Cliquer sur la photo pour ouvrir l&rsquo;album photo de cette journ\u00e9e.<\/p>\r\n<p><span style=\"color: #0000ff;\">Le 1er Juillet 2016 :<\/span>\u00a0 course avec le team joelette : duo nocturne de VEDENE<\/p>\r\n<p><a href=\"https:\/\/goo.gl\/photos\/Tyk8wsmU3YY39jK47\" target=\"_blank\" rel=\"noopener noreferrer\"><img decoding=\"async\" loading=\"lazy\" class=\"alignnone wp-image-76 size-medium\" src=\"http:\/\/ensembleavecdaniel.fr\/wp-content\/uploads\/2016\/11\/IMG_9444-300x241.jpg\" alt=\"img_9444\" width=\"300\" height=\"241\" \/><\/a><\/p>\r\n<p>Cliquer sur la photo pour ouvrir l&rsquo;album photo de cette journ\u00e9e.<\/p>\r\n<p><span style=\"color: #0000ff;\">Le 10 Avril 2016 :<\/span>\u00a0 course avec le team joelette : premier semi-marathon de Daniel \u00e0 Cavaillon<\/p>\r\n<p><a href=\"https:\/\/goo.gl\/photos\/DKM1bJkJqskWUTXbA\" target=\"_blank\" rel=\"noopener noreferrer\"><img decoding=\"async\" loading=\"lazy\" class=\"alignnone wp-image-66 size-medium\" src=\"http:\/\/ensembleavecdaniel.fr\/wp-content\/uploads\/2016\/11\/IMG_8507-1-300x225.jpg\" alt=\"img_8507\" width=\"300\" height=\"225\" \/><\/a><\/p>\r\n<p>Cliquer sur la photo pour ouvrir l&rsquo;album photo de cette journ\u00e9e.<\/p>\r\n\r\n<figure class=\"wp-block-image\"><img alt=\"\" \/><\/figure>\r\n","protected":false},"excerpt":{"rendered":"<p>Dimanche 14 Octobre 2018:\u00a0 Virade de Piecaous \u00e0 St SaturninMerci aux 8 coureurs qui ont permis \u00e0 Daniel de d\u00e9couvrir le nouveau trac\u00e9 de la course de St Saturnin les Avignon : St\u00e9phane, Yohan, Fr\u00e9d\u00e9ric B, Olivier, S\u00e9bastien, Guillaume, Christophe et Fr\u00e9d\u00e9ric G.(nouvelle recrue du team Joelette). Cliquez ici pour voir les photos Cliquez ici &hellip; <a href=\"http:\/\/ensembleavecdaniel.fr\/index.php\/les-activites\/\" class=\"more-link\">Continuer la lecture de <span class=\"screen-reader-text\">Actualit\u00e9s<\/span> <span class=\"meta-nav\">&rarr;<\/span><\/a><\/p>\n","protected":false},"author":1,"featured_media":0,"parent":0,"menu_order":3,"comment_status":"closed","ping_status":"closed","template":"","meta":[],"_links":{"self":[{"href":"http:\/\/ensembleavecdaniel.fr\/index.php\/wp-json\/wp\/v2\/pages\/46"}],"collection":[{"href":"http:\/\/ensembleavecdaniel.fr\/index.php\/wp-json\/wp\/v2\/pages"}],"about":[{"href":"http:\/\/ensembleavecdaniel.fr\/index.php\/wp-json\/wp\/v2\/types\/page"}],"author":[{"embeddable":true,"href":"http:\/\/ensembleavecdaniel.fr\/index.php\/wp-json\/wp\/v2\/users\/1"}],"replies":[{"embeddable":true,"href":"http:\/\/ensembleavecdaniel.fr\/index.php\/wp-json\/wp\/v2\/comments?post=46"}],"version-history":[{"count":99,"href":"http:\/\/ensembleavecdaniel.fr\/index.php\/wp-json\/wp\/v2\/pages\/46\/revisions"}],"predecessor-version":[{"id":420,"href":"http:\/\/ensembleavecdaniel.fr\/index.php\/wp-json\/wp\/v2\/pages\/46\/revisions\/420"}],"wp:attachment":[{"href":"http:\/\/ensembleavecdaniel.fr\/index.php\/wp-json\/wp\/v2\/media?parent=46"}],"curies":[{"name":"wp","href":"https:\/\/api.w.org\/{rel}","templated":true}]}}