{"id":38,"date":"2016-11-06T18:23:36","date_gmt":"2016-11-06T17:23:36","guid":{"rendered":"http:\/\/ensembleavecdaniel.fr\/?page_id=38"},"modified":"2017-02-13T21:40:27","modified_gmt":"2017-02-13T20:40:27","slug":"profil-de-daniel","status":"publish","type":"page","link":"http:\/\/ensembleavecdaniel.fr\/index.php\/profil-de-daniel\/","title":{"rendered":"Profil de Daniel"},"content":{"rendered":"<p>Daniel est n\u00e9 le 17\/04\/1964 \u00e0 \u00c9pinal (Vosges).<\/p>\n<p>Il habite actuellement \u00e0 VEDENE (84270) dans un appartement am\u00e9nag\u00e9 PMR (Personne \u00e0 Mobilit\u00e9 R\u00e9duite).<\/p>\n<p>Jusqu&rsquo;\u00e0 fin 2014, Daniel \u00e9tait agent administratif aux services techniques de la ville de VEDENE. Il ne travaille plus aujourd&rsquo;hui.<\/p>\n<p>Daniel est atteint de la maladie Ataxie de Friedreich depuis l&rsquo;adolescence (17 ans). C&rsquo;est une maladie d\u00e9g\u00e9n\u00e9rative incurable. <a href=\"http:\/\/www.afaf.asso.fr\/\" target=\"_blank\">http:\/\/www.afaf.asso.fr\/<\/a><\/p>\n<p>Daniel est membre des associations <a href=\"http:\/\/www.hce.asso.fr\/\" target=\"_blank\">H.C.E. (Handi Cap Evasion)<\/a> et <a href=\"http:\/\/www.basketsfumantes.fr\/\" target=\"_blank\">Les baskets fumantes<\/a>.<\/p>\n<p>Activit\u00e9s pratiqu\u00e9es : sauts en parachute en tandem, courses hors stade avec joelette, treks et randonn\u00e9es avec joelette.<\/p>\n<p>Ses passions : la montagne, la lecture, la sophrologie, le football avec l&rsquo;OM, .<\/p>\n<p><a href=\"https:\/\/photos.google.com\/share\/AF1QipOTt4hRsNWDXcbMdziLaqy_4ct98FKS517nOTupmeI1ucJuSjptb2OeMrWWJj33dw?key=X0M5SFUyMnJHSDZic0QzUXVabXA0cktJck4xTi1B\" target=\"_blank\"><img decoding=\"async\" loading=\"lazy\" class=\"wp-image-105 size-medium aligncenter\" src=\"http:\/\/ensembleavecdaniel.fr\/wp-content\/uploads\/2016\/11\/2016-10-Animation-repas-apres-course-Virade-de-Piecaous-e1479403524440-300x254.jpg\" alt=\"2016-10-animation-repas-apres-course-virade-de-piecaous\" width=\"300\" height=\"254\" srcset=\"http:\/\/ensembleavecdaniel.fr\/wp-content\/uploads\/2016\/11\/2016-10-Animation-repas-apres-course-Virade-de-Piecaous-e1479403524440-300x254.jpg 300w, http:\/\/ensembleavecdaniel.fr\/wp-content\/uploads\/2016\/11\/2016-10-Animation-repas-apres-course-Virade-de-Piecaous-e1479403524440-768x649.jpg 768w, http:\/\/ensembleavecdaniel.fr\/wp-content\/uploads\/2016\/11\/2016-10-Animation-repas-apres-course-Virade-de-Piecaous-e1479403524440.jpg 873w\" sizes=\"(max-width: 300px) 100vw, 300px\" \/><\/a><\/p>\n<p style=\"margin: 0cm 0cm 0.0001pt;\"><strong><span style=\"color: #0000ff;\">Historique de ses escapades et activit\u00e9s :<\/span><\/strong><br \/>\n1989 : voyage organis\u00e9 par des amis &gt; 12 jours au Canada.<\/p>\n<p style=\"margin: 0cm 0cm 0.0001pt; text-align: center;\">&#8212;<\/p>\n<p style=\"margin: 0cm; margin-bottom: .0001pt;\">1992\u00a0: voyage organis\u00e9 par des amis &gt; 14 jours aux Etats-Unis &#8211; Floride &#8211; Nouvelle-Orl\u00e9ans.<\/p>\n<p style=\"margin: 0cm 0cm 0.0001pt; text-align: center;\">&#8212;<\/p>\n<p style=\"margin: 0cm; margin-bottom: .0001pt;\">1994\/95\u00a0: basket handisport avec l&rsquo;\u00e9quipe d&rsquo;Avignon.<\/p>\n<p style=\"margin: 0cm 0cm 0.0001pt; text-align: center;\">&#8212;<\/p>\n<p style=\"margin: 0cm; margin-bottom: .0001pt;\">1995\u00a0: participation au t\u00e9l\u00e9thon \u00e0 Ved\u00e8ne avec un saut en parachute en tandem au-dessus du stade de la commune (28 sauts \u00e0 ce jour \u00e0 4000 m).<\/p>\n<p style=\"margin: 0cm 0cm 0.0001pt; text-align: center;\">&#8212;<\/p>\n<p style=\"margin: 0cm; margin-bottom: .0001pt;\">1997\u00a0: 1er s\u00e9jour avec l\u2019association Handicap Evasion &gt; randonn\u00e9es en joelette dans le Queyras (\u00e0 ce jour 18 s\u00e9jours de minimum 7 jours Alpes, Pyr\u00e9n\u00e9es, Corse, \u00e0 l&rsquo;\u00e9tranger, nuits belle \u00e9toile, tente ou refuge une fois par an, souvent en \u00e9t\u00e9.<\/p>\n<p style=\"margin: 0cm 0cm 0.0001pt; text-align: center;\">&#8212;<\/p>\n<p style=\"margin: 0cm; margin-bottom: .0001pt;\">2000\u00a0: voyage avec mon fr\u00e8re Patrick &gt; 10 jours \u00e0 Hawa\u00ef avec un saut en parachute en tandem.<\/p>\n<p style=\"margin: 0cm 0cm 0.0001pt; text-align: center;\"><img decoding=\"async\" loading=\"lazy\" class=\"alignnone wp-image-13 size-medium\" src=\"http:\/\/ensembleavecdaniel.fr\/wp-content\/uploads\/2016\/11\/Daniel-saut-Hawwai2000-e1479403706657-300x197.jpg\" alt=\"daniel-saut-hawwai2000\" width=\"300\" height=\"197\" srcset=\"http:\/\/ensembleavecdaniel.fr\/wp-content\/uploads\/2016\/11\/Daniel-saut-Hawwai2000-e1479403706657-300x197.jpg 300w, http:\/\/ensembleavecdaniel.fr\/wp-content\/uploads\/2016\/11\/Daniel-saut-Hawwai2000-e1479403706657.jpg 653w\" sizes=\"(max-width: 300px) 100vw, 300px\" \/><\/p>\n<p style=\"margin: 0cm 0cm 0.0001pt; text-align: center;\"><img decoding=\"async\" loading=\"lazy\" class=\"alignnone size-medium wp-image-118\" src=\"http:\/\/ensembleavecdaniel.fr\/wp-content\/uploads\/2016\/11\/Sejour-Hawail2-300x204.jpg\" alt=\"sejour-hawail2\" width=\"300\" height=\"204\" srcset=\"http:\/\/ensembleavecdaniel.fr\/wp-content\/uploads\/2016\/11\/Sejour-Hawail2-300x204.jpg 300w, http:\/\/ensembleavecdaniel.fr\/wp-content\/uploads\/2016\/11\/Sejour-Hawail2-768x522.jpg 768w, http:\/\/ensembleavecdaniel.fr\/wp-content\/uploads\/2016\/11\/Sejour-Hawail2.jpg 882w\" sizes=\"(max-width: 300px) 100vw, 300px\" \/><\/p>\n<p style=\"margin: 0cm 0cm 0.0001pt; text-align: center;\">&#8212;<\/p>\n<p style=\"margin: 0cm 0cm 0.0001pt; text-align: left;\">2006\u00a0: s\u00e9jour avec Handicap Evasion &gt; 12 jours en Turquie<\/p>\n<p style=\"margin: 0cm 0cm 0.0001pt; text-align: center;\"><img decoding=\"async\" loading=\"lazy\" class=\"alignnone size-medium wp-image-107\" src=\"http:\/\/ensembleavecdaniel.fr\/wp-content\/uploads\/2016\/11\/TURQUIECappadoce-16-au-18-045-300x225.jpg\" alt=\"turquiecappadoce-16-au-18-045\" width=\"300\" height=\"225\" srcset=\"http:\/\/ensembleavecdaniel.fr\/wp-content\/uploads\/2016\/11\/TURQUIECappadoce-16-au-18-045-300x225.jpg 300w, http:\/\/ensembleavecdaniel.fr\/wp-content\/uploads\/2016\/11\/TURQUIECappadoce-16-au-18-045-768x576.jpg 768w, http:\/\/ensembleavecdaniel.fr\/wp-content\/uploads\/2016\/11\/TURQUIECappadoce-16-au-18-045-1024x768.jpg 1024w\" sizes=\"(max-width: 300px) 100vw, 300px\" \/><\/p>\n<p style=\"margin: 0cm 0cm 0.0001pt; text-align: center;\">&#8212;<\/p>\n<p style=\"margin: 0cm 0cm 0.0001pt; text-align: left;\">2008\u00a0: s\u00e9jour avec Handicap Evasion 21 jours au P\u00e9rou Cordill\u00e8re Huayhuash. Franchissement de plusieurs sommets dont l\u2019altitude se situe entre 4000 et 5000m.<\/p>\n<p style=\"margin: 0cm 0cm 0.0001pt; text-align: center;\"><img decoding=\"async\" loading=\"lazy\" class=\"alignnone size-medium wp-image-110\" src=\"http:\/\/ensembleavecdaniel.fr\/wp-content\/uploads\/2016\/11\/Perou-19-09-2008-800x533-300x200.jpg\" alt=\"perou-19-09-2008-800x533\" width=\"300\" height=\"200\" srcset=\"http:\/\/ensembleavecdaniel.fr\/wp-content\/uploads\/2016\/11\/Perou-19-09-2008-800x533-300x200.jpg 300w, http:\/\/ensembleavecdaniel.fr\/wp-content\/uploads\/2016\/11\/Perou-19-09-2008-800x533-768x512.jpg 768w, http:\/\/ensembleavecdaniel.fr\/wp-content\/uploads\/2016\/11\/Perou-19-09-2008-800x533.jpg 800w\" sizes=\"(max-width: 300px) 100vw, 300px\" \/><\/p>\n<p style=\"margin: 0cm 0cm 0.0001pt; text-align: center;\"><img decoding=\"async\" loading=\"lazy\" class=\"alignnone size-medium wp-image-113\" src=\"http:\/\/ensembleavecdaniel.fr\/wp-content\/uploads\/2016\/11\/Perou-14-09-2008-Denis-800x533-300x200.jpg\" alt=\"perou-14-09-2008-denis-800x533\" width=\"300\" height=\"200\" srcset=\"http:\/\/ensembleavecdaniel.fr\/wp-content\/uploads\/2016\/11\/Perou-14-09-2008-Denis-800x533-300x200.jpg 300w, http:\/\/ensembleavecdaniel.fr\/wp-content\/uploads\/2016\/11\/Perou-14-09-2008-Denis-800x533-768x512.jpg 768w, http:\/\/ensembleavecdaniel.fr\/wp-content\/uploads\/2016\/11\/Perou-14-09-2008-Denis-800x533.jpg 800w\" sizes=\"(max-width: 300px) 100vw, 300px\" \/><\/p>\n<p style=\"margin: 0cm 0cm 0.0001pt; text-align: center;\"><img decoding=\"async\" loading=\"lazy\" class=\"alignnone size-medium wp-image-115\" src=\"http:\/\/ensembleavecdaniel.fr\/wp-content\/uploads\/2016\/11\/Perou-14-09-2008-Victor-800x533-300x200.jpg\" alt=\"perou-14-09-2008-victor-800x533\" width=\"300\" height=\"200\" srcset=\"http:\/\/ensembleavecdaniel.fr\/wp-content\/uploads\/2016\/11\/Perou-14-09-2008-Victor-800x533-300x200.jpg 300w, http:\/\/ensembleavecdaniel.fr\/wp-content\/uploads\/2016\/11\/Perou-14-09-2008-Victor-800x533-768x512.jpg 768w, http:\/\/ensembleavecdaniel.fr\/wp-content\/uploads\/2016\/11\/Perou-14-09-2008-Victor-800x533.jpg 800w\" sizes=\"(max-width: 300px) 100vw, 300px\" \/><\/p>\n<p style=\"margin: 0cm 0cm 0.0001pt; text-align: center;\">&#8212;<\/p>\n<p style=\"margin: 0cm 0cm 0.0001pt; text-align: left;\">2010\u00a0: s\u00e9jour avec Handicap Evasion &gt; 12 jours nouvel an sous la tente aux portes du d\u00e9sert Marocain.<\/p>\n<p style=\"margin: 0cm 0cm 0.0001pt; text-align: center;\"><img decoding=\"async\" loading=\"lazy\" class=\"alignnone size-medium wp-image-111\" src=\"http:\/\/ensembleavecdaniel.fr\/wp-content\/uploads\/2016\/11\/MAROC-2010-Copie-300x247.jpg\" alt=\"maroc-2010-copie\" width=\"300\" height=\"247\" srcset=\"http:\/\/ensembleavecdaniel.fr\/wp-content\/uploads\/2016\/11\/MAROC-2010-Copie-300x247.jpg 300w, http:\/\/ensembleavecdaniel.fr\/wp-content\/uploads\/2016\/11\/MAROC-2010-Copie.jpg 682w\" sizes=\"(max-width: 300px) 100vw, 300px\" \/><\/p>\n<p style=\"margin: 0cm 0cm 0.0001pt; text-align: center;\">&#8212;<\/p>\n<p style=\"margin: 0cm 0cm 0.0001pt; text-align: left;\">2012\u00a0: s\u00e9jour avec Handicap Evasion &gt; 12 jours sur l&rsquo;ile de La Palma aux Canaries.<\/p>\n<p style=\"margin: 0cm 0cm 0.0001pt; text-align: center;\">&#8212;<\/p>\n<p style=\"margin: 0cm 0cm 0.0001pt; text-align: left;\">2015\u00a0: voyage avec Handi vers Horizons &gt; 21 jours \u00e0 Bali.<\/p>\n<p style=\"text-align: center;\"><img decoding=\"async\" loading=\"lazy\" class=\"alignnone size-medium wp-image-121\" src=\"http:\/\/ensembleavecdaniel.fr\/wp-content\/uploads\/2016\/11\/Bali-2015-300x225.jpg\" alt=\"bali-2015\" width=\"300\" height=\"225\" srcset=\"http:\/\/ensembleavecdaniel.fr\/wp-content\/uploads\/2016\/11\/Bali-2015-300x225.jpg 300w, http:\/\/ensembleavecdaniel.fr\/wp-content\/uploads\/2016\/11\/Bali-2015-768x576.jpg 768w, http:\/\/ensembleavecdaniel.fr\/wp-content\/uploads\/2016\/11\/Bali-2015-1024x768.jpg 1024w, http:\/\/ensembleavecdaniel.fr\/wp-content\/uploads\/2016\/11\/Bali-2015.jpg 1044w\" sizes=\"(max-width: 300px) 100vw, 300px\" \/><\/p>\n<p>&nbsp;<\/p>\n<p><b>Daniel et Aminata (accompagnante sexuelle) \/ Pays-Bas.<\/b><\/p>\n<p style=\"text-align: center;\"><img decoding=\"async\" loading=\"lazy\" class=\"wp-image-135 alignleft\" src=\"http:\/\/ensembleavecdaniel.fr\/wp-content\/uploads\/2016\/11\/J.Deya-AS-Aminata-et-Daniel-Effeuillafe-5-LR-Pic2-J-10x15-cc-200x300.jpg\" alt=\"\" width=\"200\" height=\"301\" srcset=\"http:\/\/ensembleavecdaniel.fr\/wp-content\/uploads\/2016\/11\/J.Deya-AS-Aminata-et-Daniel-Effeuillafe-5-LR-Pic2-J-10x15-cc-200x300.jpg 200w, http:\/\/ensembleavecdaniel.fr\/wp-content\/uploads\/2016\/11\/J.Deya-AS-Aminata-et-Daniel-Effeuillafe-5-LR-Pic2-J-10x15-cc.jpg 283w\" sizes=\"(max-width: 200px) 100vw, 200px\" \/><\/p>\n<p style=\"text-align: center;\">Photo de J\u00e9r\u00f4me Deya extraite de l\u2019exposition \u00ab\u00a0A mon corps d\u00e9rangeant\u00a0\u00bb, vie affective et sexuelle des personnes handicap\u00e9es\u00a0 <a href=\"http:\/\/www.jeromedeya.fr\/handicap\/\" target=\"_blank\">http:\/\/www.jeromedeya.fr\/handicap\/<\/a><\/p>\n<p><img decoding=\"async\" loading=\"lazy\" class=\"size-medium wp-image-136\" src=\"http:\/\/ensembleavecdaniel.fr\/wp-content\/uploads\/2016\/11\/J.Deya-AS-Aminata-et-Daniel-Lit-2-LR-Pic2-J-R-Vertical-10x15-cc-200x300.jpg\" alt=\"\" width=\"200\" height=\"300\" srcset=\"http:\/\/ensembleavecdaniel.fr\/wp-content\/uploads\/2016\/11\/J.Deya-AS-Aminata-et-Daniel-Lit-2-LR-Pic2-J-R-Vertical-10x15-cc-200x300.jpg 200w, http:\/\/ensembleavecdaniel.fr\/wp-content\/uploads\/2016\/11\/J.Deya-AS-Aminata-et-Daniel-Lit-2-LR-Pic2-J-R-Vertical-10x15-cc.jpg 283w\" sizes=\"(max-width: 200px) 100vw, 200px\" \/><\/p>\n<p>&nbsp;<\/p>\n<p style=\"text-align: center;\">\n","protected":false},"excerpt":{"rendered":"<p>Daniel est n\u00e9 le 17\/04\/1964 \u00e0 \u00c9pinal (Vosges). Il habite actuellement \u00e0 VEDENE (84270) dans un appartement am\u00e9nag\u00e9 PMR (Personne \u00e0 Mobilit\u00e9 R\u00e9duite). Jusqu&rsquo;\u00e0 fin 2014, Daniel \u00e9tait agent administratif aux services techniques de la ville de VEDENE. Il ne travaille plus aujourd&rsquo;hui. Daniel est atteint de la maladie Ataxie de Friedreich depuis l&rsquo;adolescence (17 &hellip; <a href=\"http:\/\/ensembleavecdaniel.fr\/index.php\/profil-de-daniel\/\" class=\"more-link\">Continuer la lecture de <span class=\"screen-reader-text\">Profil de Daniel<\/span> <span class=\"meta-nav\">&rarr;<\/span><\/a><\/p>\n","protected":false},"author":1,"featured_media":0,"parent":0,"menu_order":2,"comment_status":"closed","ping_status":"closed","template":"","meta":[],"_links":{"self":[{"href":"http:\/\/ensembleavecdaniel.fr\/index.php\/wp-json\/wp\/v2\/pages\/38"}],"collection":[{"href":"http:\/\/ensembleavecdaniel.fr\/index.php\/wp-json\/wp\/v2\/pages"}],"about":[{"href":"http:\/\/ensembleavecdaniel.fr\/index.php\/wp-json\/wp\/v2\/types\/page"}],"author":[{"embeddable":true,"href":"http:\/\/ensembleavecdaniel.fr\/index.php\/wp-json\/wp\/v2\/users\/1"}],"replies":[{"embeddable":true,"href":"http:\/\/ensembleavecdaniel.fr\/index.php\/wp-json\/wp\/v2\/comments?post=38"}],"version-history":[{"count":33,"href":"http:\/\/ensembleavecdaniel.fr\/index.php\/wp-json\/wp\/v2\/pages\/38\/revisions"}],"predecessor-version":[{"id":188,"href":"http:\/\/ensembleavecdaniel.fr\/index.php\/wp-json\/wp\/v2\/pages\/38\/revisions\/188"}],"wp:attachment":[{"href":"http:\/\/ensembleavecdaniel.fr\/index.php\/wp-json\/wp\/v2\/media?parent=38"}],"curies":[{"name":"wp","href":"https:\/\/api.w.org\/{rel}","templated":true}]}}